{"id":8,"date":"2016-11-29T21:57:58","date_gmt":"2016-11-29T21:57:58","guid":{"rendered":"http:\/?page_id=8"},"modified":"2023-03-14T13:44:58","modified_gmt":"2023-03-14T13:44:58","slug":"objetivos","status":"publish","type":"page","link":"https:\/\/www.larutanatural.cl\/?page_id=8","title":{"rendered":"Objetivos"},"content":{"rendered":"\n<div class=\"wp-block-media-text alignwide is-stacked-on-mobile\" style=\"grid-template-columns:26% auto\"><figure class=\"wp-block-media-text__media\"><img decoding=\"async\" loading=\"lazy\" width=\"1024\" height=\"1024\" src=\"http:\/\/www.larutanatural.cl\/wp-content\/uploads\/2023\/03\/1-1-1024x1024.jpg\" alt=\"\" class=\"wp-image-391 size-thumbnail\" srcset=\"https:\/\/www.larutanatural.cl\/wp-content\/uploads\/2023\/03\/1-1-1024x1024.jpg 1024w, https:\/\/www.larutanatural.cl\/wp-content\/uploads\/2023\/03\/1-1-300x300.jpg 300w, https:\/\/www.larutanatural.cl\/wp-content\/uploads\/2023\/03\/1-1-150x150.jpg 150w, https:\/\/www.larutanatural.cl\/wp-content\/uploads\/2023\/03\/1-1-768x768.jpg 768w, https:\/\/www.larutanatural.cl\/wp-content\/uploads\/2023\/03\/1-1-1536x1536.jpg 1536w, https:\/\/www.larutanatural.cl\/wp-content\/uploads\/2023\/03\/1-1.jpg 2025w\" sizes=\"(max-width: 1024px) 100vw, 1024px\" \/><\/figure><div class=\"wp-block-media-text__content\">\n<p class=\"has-white-background-color has-background has-medium-font-size\">En particular la promoci\u00f3n, el desarrollo, la investigaci\u00f3n y la difusi\u00f3n de las ciencias medioambientales, tales como la biolog\u00eda, la ecolog\u00eda y la ingenier\u00eda ambiental, con el objeto de lograr una mayor formaci\u00f3n y conciencia respecto de las referidas materias y favorecer adem\u00e1s al desarrollo sustentable.<\/p>\n<\/div><\/div>\n\n\n\n<div class=\"wp-block-media-text alignwide has-media-on-the-right is-stacked-on-mobile\" style=\"grid-template-columns:auto 27%\"><div class=\"wp-block-media-text__content\">\n<p class=\"has-medium-font-size\">La <strong>preservaci\u00f3n<\/strong> de \u00e1reas cuyos ecosistemas sean particularmente sensibles o bien que se encuentran sub representados en las \u00e1reas de conservaci\u00f3n existentes, ya sea mediante adquisiciones territoriales o bien mediante manejo de predios de terceros.<\/p>\n<\/div><figure class=\"wp-block-media-text__media\"><img decoding=\"async\" loading=\"lazy\" width=\"1024\" height=\"1024\" src=\"http:\/\/www.larutanatural.cl\/wp-content\/uploads\/2023\/03\/2-1-1024x1024.jpg\" alt=\"\" class=\"wp-image-392 size-thumbnail\" srcset=\"https:\/\/www.larutanatural.cl\/wp-content\/uploads\/2023\/03\/2-1-1024x1024.jpg 1024w, https:\/\/www.larutanatural.cl\/wp-content\/uploads\/2023\/03\/2-1-300x300.jpg 300w, https:\/\/www.larutanatural.cl\/wp-content\/uploads\/2023\/03\/2-1-150x150.jpg 150w, https:\/\/www.larutanatural.cl\/wp-content\/uploads\/2023\/03\/2-1-768x768.jpg 768w, https:\/\/www.larutanatural.cl\/wp-content\/uploads\/2023\/03\/2-1-1536x1536.jpg 1536w, https:\/\/www.larutanatural.cl\/wp-content\/uploads\/2023\/03\/2-1.jpg 1890w\" sizes=\"(max-width: 1024px) 100vw, 1024px\" \/><\/figure><\/div>\n\n\n\n<div class=\"wp-block-media-text alignwide is-stacked-on-mobile\" style=\"grid-template-columns:28% auto\"><figure class=\"wp-block-media-text__media\"><img decoding=\"async\" loading=\"lazy\" width=\"1024\" height=\"1024\" src=\"http:\/\/www.larutanatural.cl\/wp-content\/uploads\/2023\/03\/3-1-1024x1024.jpg\" alt=\"\" class=\"wp-image-393 size-thumbnail\" srcset=\"https:\/\/www.larutanatural.cl\/wp-content\/uploads\/2023\/03\/3-1-1024x1024.jpg 1024w, https:\/\/www.larutanatural.cl\/wp-content\/uploads\/2023\/03\/3-1-300x300.jpg 300w, https:\/\/www.larutanatural.cl\/wp-content\/uploads\/2023\/03\/3-1-150x150.jpg 150w, https:\/\/www.larutanatural.cl\/wp-content\/uploads\/2023\/03\/3-1-768x768.jpg 768w, https:\/\/www.larutanatural.cl\/wp-content\/uploads\/2023\/03\/3-1-1536x1536.jpg 1536w, https:\/\/www.larutanatural.cl\/wp-content\/uploads\/2023\/03\/3-1.jpg 2025w\" sizes=\"(max-width: 1024px) 100vw, 1024px\" \/><\/figure><div class=\"wp-block-media-text__content\">\n<p class=\"has-medium-font-size\">La influencia en el dise\u00f1o e implementaci\u00f3n de <strong>pol\u00edticas p\u00fablicas medioambientales<\/strong> y la difusi\u00f3n y promoci\u00f3n de mejores pr\u00e1cticas en materia ambiental, as\u00ed como de la propagaci\u00f3n y aprovechamiento de la evidencia cient\u00edfica.<\/p>\n<\/div><\/div>\n\n\n\n<figure class=\"wp-block-image size-large is-resized\"><img decoding=\"async\" loading=\"lazy\" src=\"http:\/\/www.larutanatural.cl\/wp-content\/uploads\/2023\/03\/uestrs-valors-1024x155.jpg\" alt=\"\" class=\"wp-image-399\" width=\"1109\" height=\"168\" srcset=\"https:\/\/www.larutanatural.cl\/wp-content\/uploads\/2023\/03\/uestrs-valors-1024x155.jpg 1024w, https:\/\/www.larutanatural.cl\/wp-content\/uploads\/2023\/03\/uestrs-valors-300x45.jpg 300w, https:\/\/www.larutanatural.cl\/wp-content\/uploads\/2023\/03\/uestrs-valors-768x116.jpg 768w, https:\/\/www.larutanatural.cl\/wp-content\/uploads\/2023\/03\/uestrs-valors-1536x232.jpg 1536w, https:\/\/www.larutanatural.cl\/wp-content\/uploads\/2023\/03\/uestrs-valors-2048x309.jpg 2048w\" sizes=\"(max-width: 1109px) 100vw, 1109px\" \/><\/figure>\n\n\n\n<div class=\"is-layout-flex wp-container-4 wp-block-columns are-vertically-aligned-top\">\n<div class=\"is-layout-flow wp-block-column is-vertically-aligned-top\"><div class=\"wp-block-image\">\n<figure class=\"aligncenter size-thumbnail\"><img decoding=\"async\" loading=\"lazy\" width=\"150\" height=\"150\" src=\"http:\/\/www.larutanatural.cl\/wp-content\/uploads\/2023\/03\/1-3-150x150.jpg\" alt=\"\" class=\"wp-image-407\" srcset=\"https:\/\/www.larutanatural.cl\/wp-content\/uploads\/2023\/03\/1-3-150x150.jpg 150w, https:\/\/www.larutanatural.cl\/wp-content\/uploads\/2023\/03\/1-3-300x300.jpg 300w, https:\/\/www.larutanatural.cl\/wp-content\/uploads\/2023\/03\/1-3-1024x1024.jpg 1024w, https:\/\/www.larutanatural.cl\/wp-content\/uploads\/2023\/03\/1-3-768x768.jpg 768w, https:\/\/www.larutanatural.cl\/wp-content\/uploads\/2023\/03\/1-3-1536x1536.jpg 1536w, https:\/\/www.larutanatural.cl\/wp-content\/uploads\/2023\/03\/1-3.jpg 2025w\" sizes=\"(max-width: 150px) 100vw, 150px\" \/><\/figure><\/div>\n\n\n<p class=\"has-text-align-center has-text-color\" style=\"color:#432020\">Con las necesidades del medio ambiente y la sociedad.<\/p>\n<\/div>\n\n\n\n<div class=\"is-layout-flow wp-block-column is-vertically-aligned-top\"><div class=\"wp-block-image\">\n<figure class=\"aligncenter size-thumbnail\"><img decoding=\"async\" loading=\"lazy\" width=\"150\" height=\"150\" src=\"http:\/\/www.larutanatural.cl\/wp-content\/uploads\/2023\/03\/2-2-150x150.jpg\" alt=\"\" class=\"wp-image-403\" srcset=\"https:\/\/www.larutanatural.cl\/wp-content\/uploads\/2023\/03\/2-2-150x150.jpg 150w, https:\/\/www.larutanatural.cl\/wp-content\/uploads\/2023\/03\/2-2-300x300.jpg 300w, https:\/\/www.larutanatural.cl\/wp-content\/uploads\/2023\/03\/2-2-1024x1024.jpg 1024w, https:\/\/www.larutanatural.cl\/wp-content\/uploads\/2023\/03\/2-2-768x768.jpg 768w, https:\/\/www.larutanatural.cl\/wp-content\/uploads\/2023\/03\/2-2-1536x1536.jpg 1536w, https:\/\/www.larutanatural.cl\/wp-content\/uploads\/2023\/03\/2-2.jpg 2025w\" sizes=\"(max-width: 150px) 100vw, 150px\" \/><\/figure><\/div>\n\n\n<p class=\"has-text-align-center has-text-color\" style=\"color:#2a0c0c\">Desde la \u00e9tica, buscamos asistir a los interesados con prop\u00f3sito ambiental y\/o social.<\/p>\n<\/div>\n\n\n\n<div class=\"is-layout-flow wp-block-column is-vertically-aligned-top\"><div class=\"wp-block-image\">\n<figure class=\"aligncenter size-thumbnail\"><img decoding=\"async\" loading=\"lazy\" width=\"150\" height=\"150\" src=\"http:\/\/www.larutanatural.cl\/wp-content\/uploads\/2023\/03\/3-2-150x150.jpg\" alt=\"\" class=\"wp-image-404\" srcset=\"https:\/\/www.larutanatural.cl\/wp-content\/uploads\/2023\/03\/3-2-150x150.jpg 150w, https:\/\/www.larutanatural.cl\/wp-content\/uploads\/2023\/03\/3-2-300x300.jpg 300w, https:\/\/www.larutanatural.cl\/wp-content\/uploads\/2023\/03\/3-2-1024x1024.jpg 1024w, https:\/\/www.larutanatural.cl\/wp-content\/uploads\/2023\/03\/3-2-768x768.jpg 768w, https:\/\/www.larutanatural.cl\/wp-content\/uploads\/2023\/03\/3-2-1536x1536.jpg 1536w, https:\/\/www.larutanatural.cl\/wp-content\/uploads\/2023\/03\/3-2.jpg 2025w\" sizes=\"(max-width: 150px) 100vw, 150px\" \/><\/figure><\/div>\n\n\n<p class=\"has-text-color\" style=\"color:#220f0f\">Somos un equipo que trabaja con respaldo y fundamento t\u00e9cnico.<\/p>\n<\/div>\n<\/div>\n\n\n\n<div class=\"is-layout-flex wp-container-7 wp-block-columns\">\n<div class=\"is-layout-flow wp-block-column\"><div class=\"wp-block-image\">\n<figure class=\"aligncenter size-thumbnail\"><img decoding=\"async\" loading=\"lazy\" width=\"150\" height=\"150\" src=\"http:\/\/www.larutanatural.cl\/wp-content\/uploads\/2023\/03\/4-150x150.jpg\" alt=\"\" class=\"wp-image-405\" srcset=\"https:\/\/www.larutanatural.cl\/wp-content\/uploads\/2023\/03\/4-150x150.jpg 150w, https:\/\/www.larutanatural.cl\/wp-content\/uploads\/2023\/03\/4-300x300.jpg 300w, https:\/\/www.larutanatural.cl\/wp-content\/uploads\/2023\/03\/4-1024x1024.jpg 1024w, https:\/\/www.larutanatural.cl\/wp-content\/uploads\/2023\/03\/4-768x768.jpg 768w, https:\/\/www.larutanatural.cl\/wp-content\/uploads\/2023\/03\/4-1536x1536.jpg 1536w, https:\/\/www.larutanatural.cl\/wp-content\/uploads\/2023\/03\/4.jpg 2025w\" sizes=\"(max-width: 150px) 100vw, 150px\" \/><\/figure><\/div>\n\n\n<p class=\"has-text-align-center has-text-color\" style=\"color:#3a1212\">Creemos en el alto beneficio y sinergias de un trabajo multidisciplinario y colaborativo<\/p>\n<\/div>\n\n\n\n<div class=\"is-layout-flow wp-block-column\"><div class=\"wp-block-image\">\n<figure class=\"aligncenter size-thumbnail\"><img decoding=\"async\" loading=\"lazy\" width=\"150\" height=\"150\" src=\"http:\/\/www.larutanatural.cl\/wp-content\/uploads\/2023\/03\/5-150x150.jpg\" alt=\"\" class=\"wp-image-406\" srcset=\"https:\/\/www.larutanatural.cl\/wp-content\/uploads\/2023\/03\/5-150x150.jpg 150w, https:\/\/www.larutanatural.cl\/wp-content\/uploads\/2023\/03\/5-300x300.jpg 300w, https:\/\/www.larutanatural.cl\/wp-content\/uploads\/2023\/03\/5-1024x1024.jpg 1024w, https:\/\/www.larutanatural.cl\/wp-content\/uploads\/2023\/03\/5-768x768.jpg 768w, https:\/\/www.larutanatural.cl\/wp-content\/uploads\/2023\/03\/5-1536x1536.jpg 1536w, https:\/\/www.larutanatural.cl\/wp-content\/uploads\/2023\/03\/5.jpg 2025w\" sizes=\"(max-width: 150px) 100vw, 150px\" \/><\/figure><\/div>\n\n\n<p class=\"has-text-align-center has-text-color\" style=\"color:#391212\">Para desarrollar soluciones a problem\u00e1ticas medioambientales y\/o sociales<\/p>\n<\/div>\n<\/div>\n\n\n\n<div class=\"wp-block-media-text alignwide is-stacked-on-mobile has-white-background-color has-background\"><figure class=\"wp-block-media-text__media\"><img decoding=\"async\" loading=\"lazy\" width=\"1024\" height=\"576\" src=\"http:\/\/www.larutanatural.cl\/wp-content\/uploads\/2023\/03\/19-3-1024x576.png\" alt=\"\" class=\"wp-image-416 size-medium\" srcset=\"https:\/\/www.larutanatural.cl\/wp-content\/uploads\/2023\/03\/19-3-1024x576.png 1024w, https:\/\/www.larutanatural.cl\/wp-content\/uploads\/2023\/03\/19-3-300x169.png 300w, https:\/\/www.larutanatural.cl\/wp-content\/uploads\/2023\/03\/19-3-768x432.png 768w, https:\/\/www.larutanatural.cl\/wp-content\/uploads\/2023\/03\/19-3.png 1366w\" sizes=\"(max-width: 1024px) 100vw, 1024px\" \/><\/figure><div class=\"wp-block-media-text__content\">\n<p class=\"has-white-background-color has-background has-medium-font-size\"><strong>Nuestra Misi\u00f3n:<br><em><br><\/em><\/strong><em>Promover el desarrollo sustentable y la protecci\u00f3n del medio ambiente.<\/em><\/p>\n<\/div><\/div>\n\n\n\n<div class=\"wp-block-media-text alignwide has-media-on-the-right is-stacked-on-mobile\"><div class=\"wp-block-media-text__content\">\n<p class=\"has-medium-font-size\"><strong>Nuestra Visi\u00f3n:<br><em><br><\/em><\/strong><em>Ser un referente activo en sustentabilidad, reconocidos por su profesionalismo e inspiraci\u00f3n para participar en el desarrollo del pa\u00eds, de forma m\u00e1s arm\u00f3nica con la naturaleza y la sociedad.<\/em><\/p>\n<\/div><figure class=\"wp-block-media-text__media\"><img decoding=\"async\" loading=\"lazy\" width=\"1024\" height=\"576\" src=\"http:\/\/www.larutanatural.cl\/wp-content\/uploads\/2023\/02\/18-1024x576.png\" alt=\"\" class=\"wp-image-176 size-medium\" srcset=\"https:\/\/www.larutanatural.cl\/wp-content\/uploads\/2023\/02\/18-1024x576.png 1024w, https:\/\/www.larutanatural.cl\/wp-content\/uploads\/2023\/02\/18-300x169.png 300w, https:\/\/www.larutanatural.cl\/wp-content\/uploads\/2023\/02\/18-768x432.png 768w, https:\/\/www.larutanatural.cl\/wp-content\/uploads\/2023\/02\/18.png 1366w\" sizes=\"(max-width: 1024px) 100vw, 1024px\" \/><\/figure><\/div>\n\n\n\n<div class=\"is-layout-flex wp-container-11 wp-block-columns\">\n<div class=\"is-layout-flow wp-block-column\"><div class=\"wp-block-image\">\n<figure class=\"aligncenter size-medium is-resized\"><img decoding=\"async\" loading=\"lazy\" src=\"http:\/\/www.larutanatural.cl\/wp-content\/uploads\/2023\/03\/S_SDG_Icons-01-11-2-300x300.jpg\" alt=\"\" class=\"wp-image-430\" width=\"250\" height=\"250\" srcset=\"https:\/\/www.larutanatural.cl\/wp-content\/uploads\/2023\/03\/S_SDG_Icons-01-11-2-300x300.jpg 300w, https:\/\/www.larutanatural.cl\/wp-content\/uploads\/2023\/03\/S_SDG_Icons-01-11-2-150x150.jpg 150w, https:\/\/www.larutanatural.cl\/wp-content\/uploads\/2023\/03\/S_SDG_Icons-01-11-2.jpg 466w\" sizes=\"(max-width: 250px) 100vw, 250px\" \/><\/figure><\/div><\/div>\n\n\n\n<div class=\"is-layout-flow wp-block-column\"><div class=\"wp-block-image\">\n<figure class=\"aligncenter size-medium is-resized\"><img decoding=\"async\" loading=\"lazy\" src=\"http:\/\/www.larutanatural.cl\/wp-content\/uploads\/2023\/03\/S_SDG_Icons-01-12-1-300x300.jpg\" alt=\"\" class=\"wp-image-431\" width=\"250\" height=\"250\" srcset=\"https:\/\/www.larutanatural.cl\/wp-content\/uploads\/2023\/03\/S_SDG_Icons-01-12-1-300x300.jpg 300w, https:\/\/www.larutanatural.cl\/wp-content\/uploads\/2023\/03\/S_SDG_Icons-01-12-1-150x150.jpg 150w, https:\/\/www.larutanatural.cl\/wp-content\/uploads\/2023\/03\/S_SDG_Icons-01-12-1.jpg 466w\" sizes=\"(max-width: 250px) 100vw, 250px\" \/><\/figure><\/div><\/div>\n\n\n\n<div class=\"is-layout-flow wp-block-column\"><div class=\"wp-block-image\">\n<figure class=\"aligncenter size-medium is-resized\"><img decoding=\"async\" loading=\"lazy\" src=\"http:\/\/www.larutanatural.cl\/wp-content\/uploads\/2023\/03\/S_SDG_Icons-01-13-1-300x300.jpg\" alt=\"\" class=\"wp-image-433\" width=\"250\" height=\"250\" srcset=\"https:\/\/www.larutanatural.cl\/wp-content\/uploads\/2023\/03\/S_SDG_Icons-01-13-1-300x300.jpg 300w, https:\/\/www.larutanatural.cl\/wp-content\/uploads\/2023\/03\/S_SDG_Icons-01-13-1-150x150.jpg 150w, https:\/\/www.larutanatural.cl\/wp-content\/uploads\/2023\/03\/S_SDG_Icons-01-13-1.jpg 466w\" sizes=\"(max-width: 250px) 100vw, 250px\" \/><\/figure><\/div><\/div>\n<\/div>\n","protected":false},"excerpt":{"rendered":"<p>En particular la promoci\u00f3n, el desarrollo, la investigaci\u00f3n y la difusi\u00f3n de las ciencias medioambientales, tales como la biolog\u00eda, la ecolog\u00eda y la ingenier\u00eda ambiental, con el objeto de lograr una mayor formaci\u00f3n y conciencia respecto de las referidas materias y favorecer adem\u00e1s al desarrollo sustentable. La preservaci\u00f3n de \u00e1reas cuyos ecosistemas sean particularmente sensibles [&hellip;]<\/p>\n","protected":false},"author":643,"featured_media":0,"parent":0,"menu_order":1,"comment_status":"closed","ping_status":"closed","template":"","meta":[],"_links":{"self":[{"href":"https:\/\/www.larutanatural.cl\/index.php?rest_route=\/wp\/v2\/pages\/8"}],"collection":[{"href":"https:\/\/www.larutanatural.cl\/index.php?rest_route=\/wp\/v2\/pages"}],"about":[{"href":"https:\/\/www.larutanatural.cl\/index.php?rest_route=\/wp\/v2\/types\/page"}],"author":[{"embeddable":true,"href":"https:\/\/www.larutanatural.cl\/index.php?rest_route=\/wp\/v2\/users\/643"}],"replies":[{"embeddable":true,"href":"https:\/\/www.larutanatural.cl\/index.php?rest_route=%2Fwp%2Fv2%2Fcomments&post=8"}],"version-history":[{"count":31,"href":"https:\/\/www.larutanatural.cl\/index.php?rest_route=\/wp\/v2\/pages\/8\/revisions"}],"predecessor-version":[{"id":438,"href":"https:\/\/www.larutanatural.cl\/index.php?rest_route=\/wp\/v2\/pages\/8\/revisions\/438"}],"wp:attachment":[{"href":"https:\/\/www.larutanatural.cl\/index.php?rest_route=%2Fwp%2Fv2%2Fmedia&parent=8"}],"curies":[{"name":"wp","href":"https:\/\/api.w.org\/{rel}","templated":true}]}}