{"id":4,"date":"2016-11-29T21:56:48","date_gmt":"2016-11-29T21:56:48","guid":{"rendered":"http:\/?page_id=4"},"modified":"2024-05-30T15:26:57","modified_gmt":"2024-05-30T15:26:57","slug":"acerca-de-nosotros","status":"publish","type":"page","link":"https:\/\/www.larutanatural.cl\/?page_id=4","title":{"rendered":"Qui\u00e9nes somos"},"content":{"rendered":"\n<figure class=\"is-layout-flex wp-block-gallery-1 wp-block-gallery has-nested-images columns-default is-cropped\"><\/figure>\n\n\n<p><strong>Fundador y Presidente: P<img decoding=\"async\" loading=\"lazy\" class=\"wp-image-259 size-medium alignright\" src=\"http:\/\/www.larutanatural.cl\/wp-content\/uploads\/2023\/03\/pablo2-300x300.png\" alt=\"\" width=\"300\" height=\"300\" srcset=\"https:\/\/www.larutanatural.cl\/wp-content\/uploads\/2023\/03\/pablo2-300x300.png 300w, https:\/\/www.larutanatural.cl\/wp-content\/uploads\/2023\/03\/pablo2-1024x1024.png 1024w, https:\/\/www.larutanatural.cl\/wp-content\/uploads\/2023\/03\/pablo2-150x150.png 150w, https:\/\/www.larutanatural.cl\/wp-content\/uploads\/2023\/03\/pablo2-768x768.png 768w, https:\/\/www.larutanatural.cl\/wp-content\/uploads\/2023\/03\/pablo2.png 1080w\" sizes=\"(max-width: 300px) 100vw, 300px\" \/>ablo Bara\u00f1ao D\u00edaz<\/strong><\/p>\n<p style=\"text-align: left;\">Ingeniero civil ambiental de la P. Universidad Cat\u00f3lica de Chile (1996), Master in Applied Science, University of British Columbia, y 23 a\u00f1os de experiencia en el rubro. En 2013, fund\u00f3 la consultora de ingenier\u00eda ambiental Mejores Pr\u00e1cticas SpA, donde se desempe\u00f1a como Gerente General. En 2016 tom\u00f3 la decisi\u00f3n de volcar la experiencia aprendida a una fundaci\u00f3n sin fines de lucro, y dio forma a La Ruta Natural.<\/p>\n<p style=\"text-align: left;\">\u00a0<\/p>\n<p><strong>Vicepresidente: Jos\u00e9 Delis<span class=\"TextRun SCXP154923254 BCX0\" lang=\"ES-CL\" xml:lang=\"ES-CL\" data-scheme-color=\"@000000,13,\" data-usefontface=\"true\" data-contrast=\"none\"><span class=\"NormalTextRun SCXP154923254 BCX0\"><img decoding=\"async\" loading=\"lazy\" class=\"wp-image-260 size-medium alignleft\" src=\"http:\/\/www.larutanatural.cl\/wp-content\/uploads\/2023\/03\/JOse2-300x300.png\" alt=\"\" width=\"300\" height=\"300\" srcset=\"https:\/\/www.larutanatural.cl\/wp-content\/uploads\/2023\/03\/JOse2-300x300.png 300w, https:\/\/www.larutanatural.cl\/wp-content\/uploads\/2023\/03\/JOse2-1024x1024.png 1024w, https:\/\/www.larutanatural.cl\/wp-content\/uploads\/2023\/03\/JOse2-150x150.png 150w, https:\/\/www.larutanatural.cl\/wp-content\/uploads\/2023\/03\/JOse2-768x768.png 768w, https:\/\/www.larutanatural.cl\/wp-content\/uploads\/2023\/03\/JOse2.png 1080w\" sizes=\"(max-width: 300px) 100vw, 300px\" \/><\/span><\/span><\/strong><\/p>\n<p style=\"text-align: left;\">I<span class=\"TextRun  BCX0 SCXP198775199\" lang=\"ES-CL\" xml:lang=\"ES-CL\" data-scheme-color=\"@000000,13,\" data-usefontface=\"true\" data-contrast=\"none\"><span class=\"NormalTextRun  BCX0 SCXP198775199\">ngeniero Civil Electr\u00f3nico, Universidad de\u00a0<\/span><\/span><span class=\"TextRun  BCX0 SCXP198775199\" lang=\"ES-CL\" xml:lang=\"ES-CL\" data-scheme-color=\"@000000,13,\" data-usefontface=\"true\" data-contrast=\"none\"><span class=\"NormalTextRun  BCX0 SCXP198775199\">Concepci\u00f3n<\/span><\/span> (1994). <span class=\"TextRun SCXP154923254 BCX0\" lang=\"ES-CL\" xml:lang=\"ES-CL\" data-scheme-color=\"@000000,13,\" data-usefontface=\"true\" data-contrast=\"none\"><span class=\"NormalTextRun SCXP154923254 BCX0\">Mag\u00edster Cs. Ing. Menci\u00f3n El\u00e9ctrica\u00a0(C),\u00a0<\/span><\/span><span class=\"TextRun SCXP154923254 BCX0\" lang=\"ES-CL\" xml:lang=\"ES-CL\" data-scheme-color=\"@000000,13,\" data-usefontface=\"true\" data-contrast=\"none\"><span class=\"NormalTextRun SCXP154923254 BCX0\">Universidad de Concepci\u00f3n <\/span><\/span>(1994). <span class=\"TextRun SCXP81549980 BCX0\" lang=\"ES-CL\" xml:lang=\"ES-CL\" data-scheme-color=\"@000000,13,\" data-usefontface=\"true\" data-contrast=\"none\"><span class=\"NormalTextRun SCXP81549980 BCX0\">Master Exe. Gesti\u00f3n y\u00a0<\/span><\/span><span class=\"TextRun SCXP81549980 BCX0\" lang=\"ES-CL\" xml:lang=\"ES-CL\" data-scheme-color=\"@000000,13,\" data-usefontface=\"true\" data-contrast=\"none\"><span class=\"SpellingError SCXP81549980 BCX0\">Tec<\/span><\/span><span class=\"TextRun SCXP81549980 BCX0\" lang=\"ES-CL\" xml:lang=\"ES-CL\" data-scheme-color=\"@000000,13,\" data-usefontface=\"true\" data-contrast=\"none\"><span class=\"NormalTextRun SCXP81549980 BCX0\">. Ambiental, EOI\u00a0<\/span><\/span><span class=\"TextRun SCXP81549980 BCX0\" lang=\"ES-CL\" xml:lang=\"ES-CL\" data-scheme-color=\"@000000,13,\" data-usefontface=\"true\" data-contrast=\"none\"><span class=\"NormalTextRun SCXP81549980 BCX0\">\u2013Madrid<\/span><\/span> (1999). M<span class=\"TextRun  BCX0 SCXP55470085\" lang=\"ES-CL\" xml:lang=\"ES-CL\" data-scheme-color=\"@000000,13,\" data-usefontface=\"true\" data-contrast=\"none\"><span class=\"NormalTextRun  BCX0 SCXP55470085\">BA \u2013 IED <\/span><\/span>(2007). <span class=\"TextRun  BCX0 SCXP194291719\" lang=\"ES-CL\" xml:lang=\"ES-CL\" data-scheme-color=\"@000000,13,\" data-usefontface=\"true\" data-contrast=\"none\"><span class=\"NormalTextRun  BCX0 SCXP194291719\">Diplomado en Gesti\u00f3n Integrada (2004) y\u00a0<\/span><\/span><span class=\"TextRun  BCX0 SCXP194291719\" lang=\"ES-CL\" xml:lang=\"ES-CL\" data-scheme-color=\"@000000,13,\" data-usefontface=\"true\" data-contrast=\"none\"><span class=\"NormalTextRun  BCX0 SCXP194291719\">en Auditor\u00eda Interna (2014), Universidad\u00a0<\/span><\/span><span class=\"TextRun  BCX0 SCXP194291719\" lang=\"ES-CL\" xml:lang=\"ES-CL\" data-scheme-color=\"@000000,13,\" data-usefontface=\"true\" data-contrast=\"none\"><span class=\"NormalTextRun  BCX0 SCXP194291719\">de Chile. <span class=\"TextRun SCXP133872759 BCX0\" lang=\"ES-CL\" xml:lang=\"ES-CL\" data-scheme-color=\"@000000,13,\" data-usefontface=\"true\" data-contrast=\"none\"><span class=\"NormalTextRun SCXP133872759 BCX0\">Auditor L\u00edder ISO 14.001 e ISO 50.001.<\/span><\/span> M<span class=\"TextRun SCXP179543988 BCX0\" lang=\"ES-CL\" xml:lang=\"ES-CL\" data-scheme-color=\"@FFFFFF,14,\" data-usefontface=\"true\" data-contrast=\"none\"><span class=\"NormalTextRun SCXP179543988 BCX0\">\u00e1s de 25 a\u00f1os de experiencia en el\u00a0<\/span><\/span><span class=\"TextRun SCXP179543988 BCX0\" lang=\"ES-CL\" xml:lang=\"ES-CL\" data-scheme-color=\"@FFFFFF,14,\" data-usefontface=\"true\" data-contrast=\"none\"><span class=\"NormalTextRun SCXP179543988 BCX0\">desarrollo de proyectos de ingenier\u00eda, <\/span><\/span><span class=\"TextRun SCXP179543988 BCX0\" lang=\"ES-CL\" xml:lang=\"ES-CL\" data-scheme-color=\"@FFFFFF,14,\" data-usefontface=\"true\" data-contrast=\"none\"><span class=\"NormalTextRun SCXP179543988 BCX0\">gesti\u00f3n socio-ambiental, auditor\u00edas, <\/span><\/span><span class=\"TextRun SCXP179543988 BCX0\" lang=\"ES-CL\" xml:lang=\"ES-CL\" data-scheme-color=\"@FFFFFF,14,\" data-usefontface=\"true\" data-contrast=\"none\"><span class=\"NormalTextRun SCXP179543988 BCX0\">capacitaci\u00f3n,\u00a0<\/span><\/span><span class=\"TextRun SCXP179543988 BCX0\" lang=\"ES-CL\" xml:lang=\"ES-CL\" data-scheme-color=\"@FFFFFF,14,\" data-usefontface=\"true\" data-contrast=\"none\"><span class=\"SpellingError SCXP179543988 BCX0\">due<\/span><\/span><span class=\"TextRun SCXP179543988 BCX0\" lang=\"ES-CL\" xml:lang=\"ES-CL\" data-scheme-color=\"@FFFFFF,14,\" data-usefontface=\"true\" data-contrast=\"none\"><span class=\"NormalTextRun SCXP179543988 BCX0\">\u00a0<\/span><\/span><span class=\"TextRun SCXP179543988 BCX0\" lang=\"ES-CL\" xml:lang=\"ES-CL\" data-scheme-color=\"@FFFFFF,14,\" data-usefontface=\"true\" data-contrast=\"none\"><span class=\"SpellingError SCXP179543988 BCX0\">diligence<\/span><\/span><span class=\"TextRun SCXP179543988 BCX0\" lang=\"ES-CL\" xml:lang=\"ES-CL\" data-scheme-color=\"@FFFFFF,14,\" data-usefontface=\"true\" data-contrast=\"none\"><span class=\"NormalTextRun SCXP179543988 BCX0\">, evaluaci\u00f3n\u00a0<\/span><\/span><span class=\"TextRun SCXP179543988 BCX0\" lang=\"ES-CL\" xml:lang=\"ES-CL\" data-scheme-color=\"@FFFFFF,14,\" data-usefontface=\"true\" data-contrast=\"none\"><span class=\"NormalTextRun SCXP179543988 BCX0\">de riesgos, gesti\u00f3n de activos y\u00a0<\/span><\/span><span class=\"TextRun SCXP179543988 BCX0\" lang=\"ES-CL\" xml:lang=\"ES-CL\" data-scheme-color=\"@FFFFFF,14,\" data-usefontface=\"true\" data-contrast=\"none\"><span class=\"NormalTextRun SCXP179543988 BCX0\">eficiencia energ\u00e9tica. Amplia\u00a0<\/span><\/span><span class=\"TextRun SCXP179543988 BCX0\" lang=\"ES-CL\" xml:lang=\"ES-CL\" data-scheme-color=\"@FFFFFF,14,\" data-usefontface=\"true\" data-contrast=\"none\"><span class=\"NormalTextRun SCXP179543988 BCX0\">experiencia en forestal, minero y\u00a0<\/span><\/span><span class=\"TextRun SCXP179543988 BCX0\" lang=\"ES-CL\" xml:lang=\"ES-CL\" data-scheme-color=\"@FFFFFF,14,\" data-usefontface=\"true\" data-contrast=\"none\"><span class=\"NormalTextRun SCXP179543988 BCX0\">energ\u00eda. Adem\u00e1s, perito judicial en ing.,\u00a0<\/span><\/span><span class=\"TextRun SCXP179543988 BCX0\" lang=\"ES-CL\" xml:lang=\"ES-CL\" data-scheme-color=\"@FFFFFF,14,\" data-usefontface=\"true\" data-contrast=\"none\"><span class=\"NormalTextRun SCXP179543988 BCX0\">auditor registrado en APL, Auditor en\u00a0<\/span><\/span><span class=\"TextRun SCXP179543988 BCX0\" lang=\"ES-CL\" xml:lang=\"ES-CL\" data-scheme-color=\"@FFFFFF,14,\" data-usefontface=\"true\" data-contrast=\"none\"><span class=\"NormalTextRun SCXP179543988 BCX0\">SG-ISO. Profesor P<\/span><\/span><span class=\"TextRun SCXP179543988 BCX0\" lang=\"ES-CL\" xml:lang=\"ES-CL\" data-scheme-color=\"@FFFFFF,14,\" data-usefontface=\"true\" data-contrast=\"none\"><span class=\"SpellingError SCXP179543988 BCX0\">art<\/span><\/span><span class=\"TextRun SCXP179543988 BCX0\" lang=\"ES-CL\" xml:lang=\"ES-CL\" data-scheme-color=\"@FFFFFF,14,\" data-usefontface=\"true\" data-contrast=\"none\"><span class=\"NormalTextRun SCXP179543988 BCX0\">-time USM.<\/span><\/span><\/span><\/span><\/p>\n<p><b>Secretario: Juan Carlos Dom\u00ednguez<img decoding=\"async\" loading=\"lazy\" class=\"wp-image-262 size-medium alignright\" src=\"http:\/\/www.larutanatural.cl\/wp-content\/uploads\/2023\/03\/cuezco2-300x300.png\" alt=\"\" width=\"300\" height=\"300\" srcset=\"https:\/\/www.larutanatural.cl\/wp-content\/uploads\/2023\/03\/cuezco2-300x300.png 300w, https:\/\/www.larutanatural.cl\/wp-content\/uploads\/2023\/03\/cuezco2-1024x1024.png 1024w, https:\/\/www.larutanatural.cl\/wp-content\/uploads\/2023\/03\/cuezco2-150x150.png 150w, https:\/\/www.larutanatural.cl\/wp-content\/uploads\/2023\/03\/cuezco2-768x768.png 768w, https:\/\/www.larutanatural.cl\/wp-content\/uploads\/2023\/03\/cuezco2.png 1080w\" sizes=\"(max-width: 300px) 100vw, 300px\" \/><\/b><\/p>\n<p><span class=\"TextRun  BCX0 SCXP176767135\" lang=\"ES-CL\" xml:lang=\"ES-CL\" data-scheme-color=\"@000000,13,\" data-usefontface=\"true\" data-contrast=\"none\"><span class=\"NormalTextRun  BCX0 SCXP176767135\">Mag\u00edster en Ciencias de la Ingenier\u00eda,\u00a0<\/span><\/span><span class=\"TextRun  BCX0 SCXP176767135\" lang=\"ES-CL\" xml:lang=\"ES-CL\" data-scheme-color=\"@000000,13,\" data-usefontface=\"true\" data-contrast=\"none\"><span class=\"NormalTextRun  BCX0 SCXP176767135\">\u00c1rea Ingenier\u00eda Hidr\u00e1ulica y de Costas,\u00a0<\/span><\/span><span class=\"TextRun  BCX0 SCXP176767135\" lang=\"ES-CL\" xml:lang=\"ES-CL\" data-scheme-color=\"@000000,13,\" data-usefontface=\"true\" data-contrast=\"none\"><span class=\"NormalTextRun  BCX0 SCXP176767135\">P. Universidad Cat\u00f3lica de <\/span><\/span><span class=\"TextRun  BCX0 SCXP176767135\" lang=\"ES-CL\" xml:lang=\"ES-CL\" data-scheme-color=\"@000000,13,\" data-usefontface=\"true\" data-contrast=\"none\"><span class=\"NormalTextRun  BCX0 SCXP176767135\">Chile (2011)<\/span><\/span>. <span class=\"TextRun  BCX0 SCXP211008668\" lang=\"ES-CL\" xml:lang=\"ES-CL\" data-scheme-color=\"@000000,13,\" data-usefontface=\"true\" data-contrast=\"none\"><span class=\"NormalTextRun  BCX0 SCXP211008668\">Ingeniero Civil, diploma de\u00a0<\/span><\/span><span class=\"TextRun  BCX0 SCXP211008668\" lang=\"ES-CL\" xml:lang=\"ES-CL\" data-scheme-color=\"@000000,13,\" data-usefontface=\"true\" data-contrast=\"none\"><span class=\"NormalTextRun  BCX0 SCXP211008668\">especialidad en Ingenier\u00eda Hidr\u00e1ulica,\u00a0<\/span><\/span><span class=\"TextRun  BCX0 SCXP211008668\" lang=\"ES-CL\" xml:lang=\"ES-CL\" data-scheme-color=\"@000000,13,\" data-usefontface=\"true\" data-contrast=\"none\"><span class=\"NormalTextRun  BCX0 SCXP211008668\">P. Universidad Cat\u00f3lica de <\/span><\/span><span class=\"TextRun  BCX0 SCXP211008668\" lang=\"ES-CL\" xml:lang=\"ES-CL\" data-scheme-color=\"@000000,13,\" data-usefontface=\"true\" data-contrast=\"none\"><span class=\"NormalTextRun  BCX0 SCXP211008668\">Chile (2011). Con trayectoria en el \u00e1mbito acad\u00e9mico, p\u00fablico y privado y m\u00e1s de 10 a\u00f1os de experiencia desarrollando proyectos relacionados con la ingenier\u00eda hidr\u00e1ulica, ingenier\u00eda de costas, modelaci\u00f3n num\u00e9rica, an\u00e1lisis de datos clim\u00e1ticos, evaluaci\u00f3n de riesgo clim\u00e1tico y planes de adaptaci\u00f3n al cambio clim\u00e1tico.\u200b<\/span><\/span><\/p>\n<p><strong><img decoding=\"async\" loading=\"lazy\" class=\"wp-image-256 size-medium alignleft\" src=\"http:\/\/www.larutanatural.cl\/wp-content\/uploads\/2023\/03\/Solange-2-300x300.png\" alt=\"\" width=\"300\" height=\"300\" srcset=\"https:\/\/www.larutanatural.cl\/wp-content\/uploads\/2023\/03\/Solange-2-300x300.png 300w, https:\/\/www.larutanatural.cl\/wp-content\/uploads\/2023\/03\/Solange-2-1024x1024.png 1024w, https:\/\/www.larutanatural.cl\/wp-content\/uploads\/2023\/03\/Solange-2-150x150.png 150w, https:\/\/www.larutanatural.cl\/wp-content\/uploads\/2023\/03\/Solange-2-768x768.png 768w, https:\/\/www.larutanatural.cl\/wp-content\/uploads\/2023\/03\/Solange-2.png 1080w\" sizes=\"(max-width: 300px) 100vw, 300px\" \/><\/strong><\/p>\n<p><strong>Tesorero: Solange Gantenbein Jara<\/strong><\/p>\n<p data-ccp-props=\"{&quot;335551550&quot;:6,&quot;335551620&quot;:6,&quot;335559683&quot;:0,&quot;335559685&quot;:0,&quot;335559731&quot;:0,&quot;335559737&quot;:0,&quot;335562764&quot;:2,&quot;335562765&quot;:1.5,&quot;335562766&quot;:4,&quot;335562767&quot;:0,&quot;335562768&quot;:4,&quot;335562769&quot;:0}\"><span data-scheme-color=\"@FFFFFF,14,\" data-usefontface=\"true\" data-contrast=\"none\">Ingeniero Civil Qu\u00edmico, con\u00a0mas\u00a0de 30\u00a0<\/span><span data-scheme-color=\"@FFFFFF,14,\" data-usefontface=\"true\" data-contrast=\"none\">a\u00f1os de experiencia en evaluaci\u00f3n\u00a0<\/span><span data-scheme-color=\"@FFFFFF,14,\" data-usefontface=\"true\" data-contrast=\"none\">Ambiental, an\u00e1lisis estrat\u00e9gico,\u00a0<\/span><span data-scheme-color=\"@FFFFFF,14,\" data-usefontface=\"true\" data-contrast=\"none\">Auditorias y Due Dilligence\u00a0<\/span><span data-scheme-color=\"@FFFFFF,14,\" data-usefontface=\"true\" data-contrast=\"none\">ambientales, para Proyectos mineros<\/span><span data-scheme-color=\"@FFFFFF,14,\" data-usefontface=\"true\" data-contrast=\"none\">,\u00a0<\/span><span data-scheme-color=\"@FFFFFF,14,\" data-usefontface=\"true\" data-contrast=\"none\">industriales y <\/span><span data-scheme-color=\"@FFFFFF,14,\" data-usefontface=\"true\" data-contrast=\"none\">agroindustrias<\/span><span data-scheme-color=\"@FFFFFF,14,\" data-usefontface=\"true\" data-contrast=\"none\"> en Chile,\u00a0<\/span><span data-scheme-color=\"@FFFFFF,14,\" data-usefontface=\"true\" data-contrast=\"none\">Argentina y Per\u00fa.<\/span>\u200b <span data-scheme-color=\"@FFFFFF,14,\" data-usefontface=\"true\" data-contrast=\"none\">Asesor Independiente The Copper\u00a0<\/span><span data-scheme-color=\"@FFFFFF,14,\" data-usefontface=\"true\" data-contrast=\"none\">Mark, en Sistemas de Gesti\u00f3n\u00a0<\/span><span data-scheme-color=\"@FFFFFF,14,\" data-usefontface=\"true\" data-contrast=\"none\">Ambiental, para operaciones mineras\u00a0<\/span><span data-scheme-color=\"@FFFFFF,14,\" data-usefontface=\"true\" data-contrast=\"none\">en Sudam\u00e9rica (2021) y Miembro de la\u00a0<\/span><span data-scheme-color=\"@FFFFFF,14,\" data-usefontface=\"true\" data-contrast=\"none\">Asociaci\u00f3n Internacional de Evaluaci\u00f3n\u00a0<\/span><span data-scheme-color=\"@FFFFFF,14,\" data-usefontface=\"true\" data-contrast=\"none\">Ambiental IAIA (2022).<\/span><\/p>\n<p data-ccp-props=\"{&quot;335551550&quot;:6,&quot;335551620&quot;:6,&quot;335559683&quot;:0,&quot;335559685&quot;:0,&quot;335559731&quot;:0,&quot;335559737&quot;:0,&quot;335562764&quot;:2,&quot;335562765&quot;:1.5,&quot;335562766&quot;:4,&quot;335562767&quot;:0,&quot;335562768&quot;:4,&quot;335562769&quot;:0}\">\u200b<\/p>\n<p><img decoding=\"async\" loading=\"lazy\" class=\"wp-image-257 size-medium alignright\" src=\"http:\/\/www.larutanatural.cl\/wp-content\/uploads\/2023\/03\/Caro-300x300.png\" alt=\"\" width=\"300\" height=\"300\" srcset=\"https:\/\/www.larutanatural.cl\/wp-content\/uploads\/2023\/03\/Caro-300x300.png 300w, https:\/\/www.larutanatural.cl\/wp-content\/uploads\/2023\/03\/Caro-1024x1024.png 1024w, https:\/\/www.larutanatural.cl\/wp-content\/uploads\/2023\/03\/Caro-150x150.png 150w, https:\/\/www.larutanatural.cl\/wp-content\/uploads\/2023\/03\/Caro-768x768.png 768w, https:\/\/www.larutanatural.cl\/wp-content\/uploads\/2023\/03\/Caro.png 1080w\" sizes=\"(max-width: 300px) 100vw, 300px\" \/><\/p>\n<p><strong>Directora: Carolina Ossa<\/strong><\/p>\n<p>Ingeniera Comercial, Menci\u00f3n en Administraci\u00f3n, P. Universidad Cat\u00f3lica de Chile (1999). Diplomado en Relaciones Comunitarias y Prevenci\u00f3n de Conflictos socio ambientales, Centro de Pol\u00edticas P\u00fablicas Universidad Cat\u00f3lica de Chile (2019). Licenciatura en Educaci\u00f3n Media. Universidad del Desarrollo, 2008. 12 a\u00f1os de experiencia en relaciones comunitarias, enfocada principalmente en los rubros de miner\u00eda y energ\u00eda renovable. M\u00e1s de 20 a\u00f1os de experiencia en gesti\u00f3n de proyectos sociales y entrega de herramientas de gesti\u00f3n a organizaciones sociales y comunitarias.<\/p>\n<p>\u00a0<\/p>\n<p><strong><img decoding=\"async\" loading=\"lazy\" class=\"wp-image-456  alignleft\" src=\"http:\/\/www.larutanatural.cl\/wp-content\/uploads\/2024\/05\/HMG-1-300x300.png\" alt=\"\" width=\"267\" height=\"267\" srcset=\"https:\/\/www.larutanatural.cl\/wp-content\/uploads\/2024\/05\/HMG-1-300x300.png 300w, https:\/\/www.larutanatural.cl\/wp-content\/uploads\/2024\/05\/HMG-1-150x150.png 150w, https:\/\/www.larutanatural.cl\/wp-content\/uploads\/2024\/05\/HMG-1.png 693w\" sizes=\"(max-width: 267px) 100vw, 267px\" \/>Director Ejecutivo: Heriberto Moya<\/strong><\/p>\n<p>Ingeniera Ambiental, Qu\u00edmico, Diplomado en Gesti\u00f3n Ambiental de la Universidad de Concepci\u00f3n. Con m\u00e1s de 15 a\u00f1os de experiencia en conservaci\u00f3n, investigaci\u00f3n y gesti\u00f3n ambiental de recursos h\u00eddricos, monitoreo, evaluaci\u00f3n y seguimiento ambiental, participaci\u00f3n en la elaboraci\u00f3n de normativa ambiental a nivel nacional y verificaci\u00f3n de cumplimiento normativo.\u00a0<\/p>\n<p>\u00a0<\/p>\n<p>\u00a0<\/p>\n<p style=\"text-align: left;\">\u00a0<\/p>\n\n\n<figure class=\"wp-block-image\"><img alt=\"\"\/><\/figure>\n\n\n\n<figure class=\"wp-block-image size-large is-resized\"><img decoding=\"async\" loading=\"lazy\" src=\"http:\/\/www.larutanatural.cl\/wp-content\/uploads\/2023\/03\/colaboradoras-1-1024x156.jpg\" alt=\"\" class=\"wp-image-361\" width=\"1404\" height=\"212\" srcset=\"https:\/\/www.larutanatural.cl\/wp-content\/uploads\/2023\/03\/colaboradoras-1-1024x156.jpg 1024w, https:\/\/www.larutanatural.cl\/wp-content\/uploads\/2023\/03\/colaboradoras-1-300x46.jpg 300w, https:\/\/www.larutanatural.cl\/wp-content\/uploads\/2023\/03\/colaboradoras-1-768x117.jpg 768w, https:\/\/www.larutanatural.cl\/wp-content\/uploads\/2023\/03\/colaboradoras-1-1536x233.jpg 1536w, https:\/\/www.larutanatural.cl\/wp-content\/uploads\/2023\/03\/colaboradoras-1-2048x311.jpg 2048w\" sizes=\"(max-width: 1404px) 100vw, 1404px\" \/><\/figure>\n\n\n\n<div class=\"is-layout-flex wp-container-9 wp-block-columns alignwide\">\n<div class=\"is-layout-flow wp-elements-f0c5dfd7f4fb5e0e67a3c4c5f4813ad8 wp-block-column has-white-background-color has-text-color has-background has-link-color\" style=\"color:#000000;padding-top:2em;padding-right:2em;padding-bottom:2em;padding-left:2em\">\n<h2 class=\"has-text-align-center\" id=\"single\" style=\"font-size:40px\"><img decoding=\"async\" loading=\"lazy\" width=\"1080\" height=\"1080\" class=\"wp-image-374\" style=\"width: 220px;\" src=\"http:\/\/www.larutanatural.cl\/wp-content\/uploads\/2023\/03\/tere-6.png\" alt=\"\" srcset=\"https:\/\/www.larutanatural.cl\/wp-content\/uploads\/2023\/03\/tere-6.png 1080w, https:\/\/www.larutanatural.cl\/wp-content\/uploads\/2023\/03\/tere-6-300x300.png 300w, https:\/\/www.larutanatural.cl\/wp-content\/uploads\/2023\/03\/tere-6-1024x1024.png 1024w, https:\/\/www.larutanatural.cl\/wp-content\/uploads\/2023\/03\/tere-6-150x150.png 150w, https:\/\/www.larutanatural.cl\/wp-content\/uploads\/2023\/03\/tere-6-768x768.png 768w\" sizes=\"(max-width: 1080px) 100vw, 1080px\" \/><\/h2>\n\n\n\n<p class=\"has-text-align-center has-normal-font-size\" style=\"line-height:1.5\"><strong>Teresita Scheuch<\/strong><\/p>\n\n\n\n<hr class=\"wp-block-separator has-text-color has-css-opacity has-background is-style-wide\" style=\"background-color:#000000;color:#000000\"\/>\n\n\n\n<p class=\"has-text-align-center has-vivid-red-color has-text-color has-medium-font-size\">Ingeniera Civil, I. Hidr\u00e1ulica. Mag\u00edster en Ciencias de la Ingenier\u00eda.<\/p>\n\n\n\n<p class=\"has-text-align-center\">Especialista hidr\u00e1ulica. Ha participado en proyectos de drenaje urbano sostenible, gesti\u00f3n h\u00eddrica a escala de cuencas, entre otros.<\/p>\n\n\n\n<div class=\"is-horizontal is-content-justification-center is-layout-flex wp-container-3 wp-block-buttons alignfull\"><\/div>\n<\/div>\n\n\n\n<div class=\"is-layout-flow wp-elements-ea8dc2eceae40c37332955d8f1b3d2be wp-block-column has-white-background-color has-text-color has-background has-link-color\" style=\"color:#000000;padding-top:2em;padding-right:2em;padding-bottom:2em;padding-left:2em\">\n<h2 class=\"has-text-align-center\" id=\"family\" style=\"font-size:40px\"><img decoding=\"async\" loading=\"lazy\" width=\"1080\" height=\"1080\" class=\"wp-image-369\" style=\"width: 220px;\" src=\"http:\/\/www.larutanatural.cl\/wp-content\/uploads\/2023\/03\/lnis-3.png\" alt=\"\" srcset=\"https:\/\/www.larutanatural.cl\/wp-content\/uploads\/2023\/03\/lnis-3.png 1080w, https:\/\/www.larutanatural.cl\/wp-content\/uploads\/2023\/03\/lnis-3-300x300.png 300w, https:\/\/www.larutanatural.cl\/wp-content\/uploads\/2023\/03\/lnis-3-1024x1024.png 1024w, https:\/\/www.larutanatural.cl\/wp-content\/uploads\/2023\/03\/lnis-3-150x150.png 150w, https:\/\/www.larutanatural.cl\/wp-content\/uploads\/2023\/03\/lnis-3-768x768.png 768w\" sizes=\"(max-width: 1080px) 100vw, 1080px\" \/><\/h2>\n\n\n\n<p class=\"has-text-align-center has-normal-font-size\" style=\"line-height:1.5\"><strong>Luna Merino<\/strong><\/p>\n\n\n\n<hr class=\"wp-block-separator has-css-opacity is-style-wide\"\/>\n\n\n\n<p class=\"has-text-align-center has-vivid-red-color has-text-color has-medium-font-size\">Ingeniera en Medio Ambiente<\/p>\n\n\n\n<p class=\"has-text-align-center\">Experiencia en sistemas de gesti\u00f3n ambiental, gesti\u00f3n de residuos y legislaci\u00f3n ambiental. Co-fundadora de Fundaci\u00f3n Notambiental.<\/p>\n\n\n\n<p><\/p>\n\n\n\n<p><\/p>\n\n\n\n<div class=\"is-horizontal is-content-justification-center is-layout-flex wp-container-5 wp-block-buttons alignfull\"><\/div>\n<\/div>\n\n\n\n<div class=\"is-layout-flow wp-elements-7ff60818a9ddc9e79cc7f88355c4559c wp-block-column has-white-background-color has-text-color has-background has-link-color\" style=\"color:#000000;padding-top:2em;padding-right:2em;padding-bottom:2em;padding-left:2em\">\n<h2 class=\"has-text-align-center\" id=\"patron\" style=\"font-size:40px\"><img decoding=\"async\" loading=\"lazy\" width=\"1080\" height=\"1080\" class=\"wp-image-368\" style=\"width: 220px;\" src=\"http:\/\/www.larutanatural.cl\/wp-content\/uploads\/2023\/03\/NIniii-3.png\" alt=\"\" srcset=\"https:\/\/www.larutanatural.cl\/wp-content\/uploads\/2023\/03\/NIniii-3.png 1080w, https:\/\/www.larutanatural.cl\/wp-content\/uploads\/2023\/03\/NIniii-3-300x300.png 300w, https:\/\/www.larutanatural.cl\/wp-content\/uploads\/2023\/03\/NIniii-3-1024x1024.png 1024w, https:\/\/www.larutanatural.cl\/wp-content\/uploads\/2023\/03\/NIniii-3-150x150.png 150w, https:\/\/www.larutanatural.cl\/wp-content\/uploads\/2023\/03\/NIniii-3-768x768.png 768w\" sizes=\"(max-width: 1080px) 100vw, 1080px\" \/><\/h2>\n\n\n\n<p class=\"has-text-align-center has-normal-font-size\"><strong>Josefina Mosre<\/strong><\/p>\n\n\n\n<hr class=\"wp-block-separator has-css-opacity is-style-wide\"\/>\n\n\n\n<p class=\"has-text-align-center has-vivid-red-color has-text-color has-medium-font-size\">Ingeniera Civil Industrial, I. Ambiental. Mag\u00edster en Ciencias de la Ingenier\u00eda.<\/p>\n\n\n\n<p class=\"has-text-align-center\">Experiencia en Sistema de Evaluaci\u00f3n Ambiental, realizaci\u00f3n de an\u00e1lisis territorial y cartograf\u00eda, y delimitaci\u00f3n de humedales urbanos seg\u00fan ley 21.202<\/p>\n\n\n\n<p><\/p>\n\n\n\n<div class=\"is-horizontal is-content-justification-center is-layout-flex wp-container-7 wp-block-buttons alignfull\"><\/div>\n<\/div>\n<\/div>\n\n\n\n<div class=\"is-layout-flex wp-container-11 wp-block-columns\">\n<div class=\"is-layout-flow wp-block-column\"><\/div>\n<\/div>\n","protected":false},"excerpt":{"rendered":"<p>Fundador y Presidente: Pablo Bara\u00f1ao D\u00edaz Ingeniero civil ambiental de la P. Universidad Cat\u00f3lica de Chile (1996), Master in Applied Science, University of British Columbia, y 23 a\u00f1os de experiencia en el rubro. En 2013, fund\u00f3 la consultora de ingenier\u00eda ambiental Mejores Pr\u00e1cticas SpA, donde se desempe\u00f1a como Gerente General. En 2016 tom\u00f3 la decisi\u00f3n [&hellip;]<\/p>\n","protected":false},"author":1,"featured_media":0,"parent":0,"menu_order":2,"comment_status":"closed","ping_status":"closed","template":"","meta":[],"_links":{"self":[{"href":"https:\/\/www.larutanatural.cl\/index.php?rest_route=\/wp\/v2\/pages\/4"}],"collection":[{"href":"https:\/\/www.larutanatural.cl\/index.php?rest_route=\/wp\/v2\/pages"}],"about":[{"href":"https:\/\/www.larutanatural.cl\/index.php?rest_route=\/wp\/v2\/types\/page"}],"author":[{"embeddable":true,"href":"https:\/\/www.larutanatural.cl\/index.php?rest_route=\/wp\/v2\/users\/1"}],"replies":[{"embeddable":true,"href":"https:\/\/www.larutanatural.cl\/index.php?rest_route=%2Fwp%2Fv2%2Fcomments&post=4"}],"version-history":[{"count":33,"href":"https:\/\/www.larutanatural.cl\/index.php?rest_route=\/wp\/v2\/pages\/4\/revisions"}],"predecessor-version":[{"id":458,"href":"https:\/\/www.larutanatural.cl\/index.php?rest_route=\/wp\/v2\/pages\/4\/revisions\/458"}],"wp:attachment":[{"href":"https:\/\/www.larutanatural.cl\/index.php?rest_route=%2Fwp%2Fv2%2Fmedia&parent=4"}],"curies":[{"name":"wp","href":"https:\/\/api.w.org\/{rel}","templated":true}]}}